{"id":574,"date":"2014-06-12T17:04:16","date_gmt":"2014-06-12T17:04:16","guid":{"rendered":"https:\/\/tratamiento-ansiedad-depresion.com\/blog\/?page_id=574"},"modified":"2014-06-13T10:19:16","modified_gmt":"2014-06-13T10:19:16","slug":"crisis-de-ansiedad-ansioliticos","status":"publish","type":"page","link":"https:\/\/tratamiento-ansiedad-depresion.com\/blog\/asesoramiento-gratuito\/crisis-de-ansiedad-ansioliticos\/","title":{"rendered":"Crisis de ansiedad y ansiol\u00edticos"},"content":{"rendered":"<h1 style=\"text-align: center;\">Crisis de ansiedad y ansiol\u00edticos<\/h1>\n<p>&nbsp;<\/p>\n<p style=\"text-align: justify;\"><span style=\"color: #ff9900;\">PREGUNTA<\/span><\/p>\n<p style=\"text-align: justify;\">Deseo preguntar en el blog. Tengo 69 a\u00f1os, desde los 36 o 37 a\u00f1os padezco de\u00a0ansiedad a ra\u00edz de la muerte s\u00fabita de mi padre. En un principio me daban crisis en\u00a0las cuales casi perd\u00eda la consciencia y la tensi\u00f3n iba por los suelos. Me trataron\u00a0con varios ansiol\u00edticos entre ellos el Deansic que lo tom\u00e9 bastante tiempo y hace\u00a0unos 20 a\u00f1os vengo tomando el Trankimazi\u00adn de 0,25 por las ma\u00f1anas. Me iba de\u00a0maravilla hasta esta primavera que empec\u00e9 con v\u00e9rtigos y mareos y durmiendo fatal. He\u00a0ido al m\u00e9dico de cabecera y me ha recetado Escitalopram ratio 10 mg, una por la\u00a0ma\u00f1ana y por la noche Orfidal 1 mg y me dijo que los primero d\u00ed\u00adas tomara tambi\u00e9n\u00a0el Trankimazi\u00adn.<br \/>\nComo resultas de esto llevo 10 d\u00edas con ese tratamiento y me parece que he\u00a0empeorado, pues se me ha ido el apetito, me ha quitado el sue\u00f1o y estoy como\u00a0sedado.<br \/>\n\u00bfQue debo hacer ?, gracias y saludos.<\/p>\n<p style=\"text-align: justify;\"><a href=\"https:\/\/tratamiento-ansiedad-depresion.com\/blog\/wp-content\/uploads\/2014\/06\/Crisis-de-ansiedad-y-ansiol\u00edticos.jpg\"><img loading=\"lazy\" decoding=\"async\" class=\"aligncenter size-medium wp-image-576\" alt=\"Crisis de ansiedad y ansiol\u00edticos\" src=\"https:\/\/tratamiento-ansiedad-depresion.com\/blog\/wp-content\/uploads\/2014\/06\/Crisis-de-ansiedad-y-ansiol\u00edticos-300x157.jpg\" width=\"300\" height=\"157\" srcset=\"https:\/\/tratamiento-ansiedad-depresion.com\/blog\/wp-content\/uploads\/2014\/06\/Crisis-de-ansiedad-y-ansiol\u00edticos-300x157.jpg 300w, https:\/\/tratamiento-ansiedad-depresion.com\/blog\/wp-content\/uploads\/2014\/06\/Crisis-de-ansiedad-y-ansiol\u00edticos.jpg 652w\" sizes=\"(max-width: 300px) 100vw, 300px\" \/><\/a><\/p>\n<p style=\"text-align: justify;\"><span style=\"color: #00d600;\">RESPUESTA<\/span><\/p>\n<p style=\"text-align: justify;\">Parece ser que el m\u00e9dico de cabecera te ha cambiado el ansiol\u00edtico que llevabas tomando desde hace unos 20 a\u00f1os por un antidepresivo, el Escitalopram. Lo cierto es que el Escitalopram tiene un cierto efecto ansiol\u00edtico que junto con el Orfidal que es un ansiol\u00edtico sedante (se administra para los problemas de insomnio) es normal que durante el d\u00eda tengas como esa sensaci\u00f3n de sedaci\u00f3n. En un par de semanas deber\u00eda desaparecer esa sensaci\u00f3n, si no es as\u00ed, es que la dosis es demasiado elevada. Deber\u00edas hablar con tu m\u00e9dico de cabecera.<\/p>\n<p style=\"text-align: justify;\">Es importante que veas, que al haber estado tomando Trankimacin de 0,25mg durante tanto tiempo lo m\u00e1s probable es que el Trankimazin ya har\u00e1 mucho tiempo que no te hac\u00eda efecto, ya que nos acostumbramos a los ansiol\u00edticos debido a su tolerancia (lo que los hace peligrosos, porque nos pueden generar adicci\u00f3n) Por lo que si llev\u00e1bamos tiempo sin notar los efectos del f\u00e1rmaco es normal que ahora sientas tantos cambios con la nueva medicaci\u00f3n. Que tampoco es que sea excesiva.<\/p>\n<p style=\"text-align: justify;\">Te recomendar\u00eda que hicieras un an\u00e1lisis de por qu\u00e9 ahora te has empezado a encontrar peor, as\u00ed como los problemas de dormir. Es por darle vueltas a preocupaciones?, est\u00e1s m\u00e1s ansioso? est\u00e1s estresado, desanimado?&#8230;En muchas ocasiones la farmacolog\u00eda no tendr\u00e1 la respuesta para lo que nos ocurre, suele ser un parche temporal, y si encima nos quita el hambre, el sue\u00f1o y nos seda peor. \u00bfHas pensado en la opci\u00f3n de acudir a terapia y entender qu\u00e9 es lo que te ocurre y el por qu\u00e9?<\/p>\n<p style=\"text-align: center;\">Si quieres participar en el blog y preguntarnos algo, haz click aqu\u00ed.<\/p>\n<p><a href=\"https:\/\/tratamiento-ansiedad-depresion.com\/blog\/asesoramiento-gratuito\/\/\"><img loading=\"lazy\" decoding=\"async\" class=\"aligncenter size-full wp-image-697\" title=\"El psic\u00f3logo contestar\u00e1 tus preguntas\" alt=\"manda-tu-consulta\" src=\"https:\/\/tratamiento-ansiedad-depresion.com\/blog\/wp-content\/uploads\/2013\/11\/asesoramiento-gratuito-button.png\" width=\"200\" height=\"107\" \/><\/a><br \/>\nRub\u00e9n Blasco, Psic\u00f3logo Colegiado N\u00ba 14830.<\/p>\n<p>M\u00e1s informaci\u00f3n en<a href=\"http:\/\/tratamiento-ansiedad-depresion.com\" target=\"_blank\"> tratamiento-ansiedad-depresion.com<\/a><\/p>\n","protected":false},"excerpt":{"rendered":"<p>Crisis de ansiedad y ansiol\u00edticos &nbsp; PREGUNTA Deseo preguntar en el blog. Tengo 69 a\u00f1os, desde los 36 o 37 a\u00f1os padezco de\u00a0ansiedad a ra\u00edz de la muerte s\u00fabita de mi padre. En un principio me daban crisis en\u00a0las cuales casi perd\u00eda la consciencia y la tensi\u00f3n iba por los suelos. Me trataron\u00a0con varios ansiol\u00edticos &hellip; <\/p>\n<p><a class=\"more-link btn\" href=\"https:\/\/tratamiento-ansiedad-depresion.com\/blog\/asesoramiento-gratuito\/crisis-de-ansiedad-ansioliticos\/\">Continue reading<\/a><\/p>\n","protected":false},"author":1,"featured_media":0,"parent":211,"menu_order":0,"comment_status":"open","ping_status":"open","template":"","meta":{"_monsterinsights_skip_tracking":false,"_monsterinsights_sitenote_active":false,"_monsterinsights_sitenote_note":"","_monsterinsights_sitenote_category":0,"footnotes":""},"class_list":["post-574","page","type-page","status-publish","hentry","nodate","item-wrap"],"aioseo_notices":[],"_links":{"self":[{"href":"https:\/\/tratamiento-ansiedad-depresion.com\/blog\/wp-json\/wp\/v2\/pages\/574"}],"collection":[{"href":"https:\/\/tratamiento-ansiedad-depresion.com\/blog\/wp-json\/wp\/v2\/pages"}],"about":[{"href":"https:\/\/tratamiento-ansiedad-depresion.com\/blog\/wp-json\/wp\/v2\/types\/page"}],"author":[{"embeddable":true,"href":"https:\/\/tratamiento-ansiedad-depresion.com\/blog\/wp-json\/wp\/v2\/users\/1"}],"replies":[{"embeddable":true,"href":"https:\/\/tratamiento-ansiedad-depresion.com\/blog\/wp-json\/wp\/v2\/comments?post=574"}],"version-history":[{"count":9,"href":"https:\/\/tratamiento-ansiedad-depresion.com\/blog\/wp-json\/wp\/v2\/pages\/574\/revisions"}],"predecessor-version":[{"id":592,"href":"https:\/\/tratamiento-ansiedad-depresion.com\/blog\/wp-json\/wp\/v2\/pages\/574\/revisions\/592"}],"up":[{"embeddable":true,"href":"https:\/\/tratamiento-ansiedad-depresion.com\/blog\/wp-json\/wp\/v2\/pages\/211"}],"wp:attachment":[{"href":"https:\/\/tratamiento-ansiedad-depresion.com\/blog\/wp-json\/wp\/v2\/media?parent=574"}],"curies":[{"name":"wp","href":"https:\/\/api.w.org\/{rel}","templated":true}]}}