{"id":533,"date":"2014-06-16T07:42:29","date_gmt":"2014-06-16T07:42:29","guid":{"rendered":"https:\/\/tratamiento-ansiedad-depresion.com\/blog\/?page_id=533"},"modified":"2014-06-16T07:57:10","modified_gmt":"2014-06-16T07:57:10","slug":"tomar-un-antidepresivo","status":"publish","type":"page","link":"https:\/\/tratamiento-ansiedad-depresion.com\/blog\/asesoramiento-gratuito\/tomar-un-antidepresivo\/","title":{"rendered":"\u00bfDebo tomar un antidepresivo?"},"content":{"rendered":"<h1 style=\"text-align: center;\">\u00bfDebo tomar un antidepresivo?<\/h1>\n<p>&nbsp;<\/p>\n<p style=\"text-align: justify;\"><span style=\"color: #ff9900;\">PREGUNTA<\/span><br \/>\nBuenos D\u00edas; Tengo 48 a\u00f1os y a lo largo de los \u00faltimos 20 a\u00f1os he pasado por\u00a0varios problemas (separaci\u00f3n, c\u00e1ncer, problemas familiares, etc) pero debo\u00a0comentar que siempre he sido una persona muy positiva y luchadora. Tambi\u00e9n tengo\u00a0cosas muy buenas y que valoro como es un trabajo estable (soy funcionaria) una buena\u00a0casa y una hija que ha sido lo mejor que me ha pasado en la vida pero ahora est\u00e1 en\u00a0plena adolescencia (16 a\u00f1os) y todo son reproches. En dos etapas he tenido que\u00a0tomar un ansiol\u00edtico y un antidepresivo y en su momento me sentaron muy bien. El\u00a0problema es que ahora me siento ahogada de nuevo y juego un poco con el Trankimazin.\u00a0Me todo media pastilla de 0,25 gr. y estoy bien, pero en el momento que lo dejo, mi\u00a0angustia aumenta. En este momento me pesa un poco la soledad y pienso que si no\u00a0fuera as\u00ed, mi vida ser\u00eda un poco m\u00e1s&#8230;.agradable. Pero los acontecimientos son\u00a0los que son y de momento la vida es lo que me depara .\u00bfCreen que debo tomar durante\u00a0una temporada un antidepresivo? o por\u00a0el contrario tomarme esa poquita dosis de Trankimazin me puede ayudar?<\/p>\n<p>Much\u00edsimas Gracias<\/p>\n<p style=\"text-align: left;\"><img loading=\"lazy\" decoding=\"async\" class=\"size-medium wp-image-620 aligncenter\" alt=\"antidepresivo\" src=\"https:\/\/tratamiento-ansiedad-depresion.com\/blog\/wp-content\/uploads\/2014\/06\/antidepresivo-300x150.jpg\" width=\"300\" height=\"150\" srcset=\"https:\/\/tratamiento-ansiedad-depresion.com\/blog\/wp-content\/uploads\/2014\/06\/antidepresivo-300x150.jpg 300w, https:\/\/tratamiento-ansiedad-depresion.com\/blog\/wp-content\/uploads\/2014\/06\/antidepresivo.jpg 560w\" sizes=\"(max-width: 300px) 100vw, 300px\" \/> <span style=\"color: #00d600;\">RESPUESTA<\/span><\/p>\n<p style=\"text-align: justify;\">En estos casos lo mejor es acudir al m\u00e9dico y explicarle bien su situaci\u00f3n. Es importante valorar que en el pasado ya estuvo tomando ansiol\u00edticos y antidepresivos y le fueron bien, por lo que es una opci\u00f3n a tener en cuenta. Pero ahora bien, no siempre que nos encontremos mal hemos de recurrir a un f\u00e1rmaco. De lo contrario siempre seremos f\u00e1rmacodependientes.<\/p>\n<p style=\"text-align: justify;\">El 0,25 de Trankimazin es una dosis muy baja, pero como con todos los ansiol\u00edticos hay que ir con sumo cuidado porque un d\u00eda necesito dos pastillas en lugar de una y a la semana siguiente puedo necesitar m\u00e1s debido a la elevada tolerancia del Trankimazin.<\/p>\n<p style=\"text-align: justify;\">Los antidepresivos por el contrario no generan adicci\u00f3n, pero si que presentan una serie de efectos secundarios no deseables como disminuci\u00f3n de la l\u00edbido, generar fatiga o cansancio, irritabilidad, boca seca, n\u00e1useas, insomnio, etc.. Ahora bien no tienes porqu\u00e9 padecer estos efectos secundarios necesariamente y dependiendo del f\u00e1rmaco pueden variar, pero hemos de tener presente que podemos padecerlos, por ello es importante que consultemos con nuestro m\u00e9dico.<\/p>\n<p style=\"text-align: justify;\"><a href=\"https:\/\/tratamiento-ansiedad-depresion.com\/blog\/wp-content\/uploads\/2014\/06\/Psicoterapia.jpg\"><img loading=\"lazy\" decoding=\"async\" class=\"alignright size-full wp-image-621\" alt=\"Psicoterapia\" src=\"https:\/\/tratamiento-ansiedad-depresion.com\/blog\/wp-content\/uploads\/2014\/06\/Psicoterapia.jpg\" width=\"251\" height=\"201\" \/><\/a><\/p>\n<h2 style=\"text-align: justify;\">Psicoterapia<\/h2>\n<p style=\"text-align: justify;\">Otra alternativa es mirar de acudir al psic\u00f3logo, donde dispondremos de un espacio para explicarnos, comprender y ser comprendidos; de tal forma que podamos identificar nuestras fuentes de malestar y aprendamos a manejarlas y reducirlas. De la misma importancia es que adquiramos herramientas para prevenir que en el futuro nos volvamos a encontrar igual ante situaciones similares.<\/p>\n<p style=\"text-align: justify;\">La psicoterapia en ning\u00fan caso presenta efectos secundarios y sus resultados han demostrado ser duraderos en el tiempo, pues es un tratamiento integral, no se centra \u00fanicamente a \u00abcalmarnos\u00bb mientras estamos en la consulta, busca que nosotros mismo seamos nuestros m\u00e9dicos y doctores, dot\u00e1ndonos de la autonom\u00eda necesaria para solventar nuestras propias preocupaciones.<\/p>\n<p style=\"text-align: center;\">Si quieres participar en el blog y preguntarnos algo, haz click aqu\u00ed.<\/p>\n<p><a href=\"https:\/\/tratamiento-ansiedad-depresion.com\/blog\/asesoramiento-gratuito\/\/\"><img loading=\"lazy\" decoding=\"async\" class=\"aligncenter size-full wp-image-697\" title=\"El psic\u00f3logo contestar\u00e1 tus preguntas\" alt=\"manda-tu-consulta\" src=\"https:\/\/tratamiento-ansiedad-depresion.com\/blog\/wp-content\/uploads\/2013\/11\/asesoramiento-gratuito-button.png\" width=\"200\" height=\"107\" \/><\/a><br \/>\nRub\u00e9n Blasco, Psic\u00f3logo Colegiado N\u00ba 14830.<\/p>\n<p>M\u00e1s informaci\u00f3n en<a href=\"http:\/\/tratamiento-ansiedad-depresion.com\" target=\"_blank\"> tratamiento-ansiedad-depresion.com<\/a><\/p>\n","protected":false},"excerpt":{"rendered":"<p>\u00bfDebo tomar un antidepresivo? &nbsp; PREGUNTA Buenos D\u00edas; Tengo 48 a\u00f1os y a lo largo de los \u00faltimos 20 a\u00f1os he pasado por\u00a0varios problemas (separaci\u00f3n, c\u00e1ncer, problemas familiares, etc) pero debo\u00a0comentar que siempre he sido una persona muy positiva y luchadora. Tambi\u00e9n tengo\u00a0cosas muy buenas y que valoro como es un trabajo estable (soy funcionaria) &hellip; <\/p>\n<p><a class=\"more-link btn\" href=\"https:\/\/tratamiento-ansiedad-depresion.com\/blog\/asesoramiento-gratuito\/tomar-un-antidepresivo\/\">Continue reading<\/a><\/p>\n","protected":false},"author":1,"featured_media":0,"parent":211,"menu_order":0,"comment_status":"open","ping_status":"open","template":"","meta":{"_monsterinsights_skip_tracking":false,"_monsterinsights_sitenote_active":false,"_monsterinsights_sitenote_note":"","_monsterinsights_sitenote_category":0,"footnotes":""},"class_list":["post-533","page","type-page","status-publish","hentry","nodate","item-wrap"],"aioseo_notices":[],"_links":{"self":[{"href":"https:\/\/tratamiento-ansiedad-depresion.com\/blog\/wp-json\/wp\/v2\/pages\/533"}],"collection":[{"href":"https:\/\/tratamiento-ansiedad-depresion.com\/blog\/wp-json\/wp\/v2\/pages"}],"about":[{"href":"https:\/\/tratamiento-ansiedad-depresion.com\/blog\/wp-json\/wp\/v2\/types\/page"}],"author":[{"embeddable":true,"href":"https:\/\/tratamiento-ansiedad-depresion.com\/blog\/wp-json\/wp\/v2\/users\/1"}],"replies":[{"embeddable":true,"href":"https:\/\/tratamiento-ansiedad-depresion.com\/blog\/wp-json\/wp\/v2\/comments?post=533"}],"version-history":[{"count":10,"href":"https:\/\/tratamiento-ansiedad-depresion.com\/blog\/wp-json\/wp\/v2\/pages\/533\/revisions"}],"predecessor-version":[{"id":628,"href":"https:\/\/tratamiento-ansiedad-depresion.com\/blog\/wp-json\/wp\/v2\/pages\/533\/revisions\/628"}],"up":[{"embeddable":true,"href":"https:\/\/tratamiento-ansiedad-depresion.com\/blog\/wp-json\/wp\/v2\/pages\/211"}],"wp:attachment":[{"href":"https:\/\/tratamiento-ansiedad-depresion.com\/blog\/wp-json\/wp\/v2\/media?parent=533"}],"curies":[{"name":"wp","href":"https:\/\/api.w.org\/{rel}","templated":true}]}}